{"id":2328,"date":"2026-04-21T14:49:17","date_gmt":"2026-04-21T12:49:17","guid":{"rendered":"https:\/\/wagnerpensel.se\/?post_type=product&#038;p=2328"},"modified":"2026-04-22T11:53:02","modified_gmt":"2026-04-22T09:53:02","slug":"vadderad-fasadroller-multi-18-25-cm","status":"publish","type":"product","link":"https:\/\/wagnerpensel.se\/en\/product\/vadderad-fasadroller-multi-18-25-cm\/","title":{"rendered":"Vadderad Fasadroller Multi 18-25 cm"},"content":{"rendered":"<p>Anv\u00e4ndningsomr\u00e5den:<\/p>\n<ul>\n<li>M\u00e5lning av fasader och grova underlag som puts, betong, tegel och ohyvlat tr\u00e4<\/li>\n<li>Applicering av latexf\u00e4rg, kalkf\u00e4rg, silikatf\u00e4rg, slamf\u00e4rg och dispersionsf\u00e4rg<\/li>\n<li>M\u00e5lning av innertak och v\u00e4ggar d\u00e4r h\u00f6g t\u00e4ckf\u00f6rm\u00e5ga kr\u00e4vs<\/li>\n<li>Perfekt f\u00f6r stora ytor d\u00e4r maximal f\u00e4rgupptagning och effektiv applicering \u00f6nskas<\/li>\n<\/ul>\n<p>F\u00f6rdelar och egenskaper:<\/p>\n<ul>\n<li>Mjuk vadderad k\u00e4rna och den 18 mm l\u00e5nga luggen ger \u00f6verl\u00e4gsen t\u00e4ckf\u00f6rm\u00e5ga p\u00e5 grova underlag<\/li>\n<li>18 mm luggl\u00e4ngd tillsammans med en mjuk vadderad k\u00e4rna f\u00f6r maximal f\u00e4rgupptagning och t\u00e4ckf\u00f6rm\u00e5ga<\/li>\n<li>Mycket bra val vid m\u00e5lning av fasad, putsade ytor, tegelv\u00e4ggar, innertak och v\u00e4ggar<\/li>\n<\/ul>\n<p>&nbsp;<\/p>\n<p>Vadderad Fasadroller Multi \u00e4r en unik roller med h\u00f6g f\u00e4rgupptagning och slitstyrka som \u00e4r framtagen f\u00f6r att ge en j\u00e4mn och effektiv f\u00e4rgbel\u00e4ggning p\u00e5 grova underlag.<\/p>\n<p>Den har en mjuk vadderad k\u00e4rna som bas f\u00f6r den slitstarka luggen. Rollern anpassar sig till oj\u00e4mna ytor och s\u00e4kerst\u00e4ller att f\u00e4rgen f\u00f6rdelas j\u00e4mnt. Den vadderade k\u00e4rnan tillsammans med en 18 mm l\u00e5ng luggl\u00e4ngd resulterar i en \u00f6verl\u00e4gsen t\u00e4ckf\u00f6rm\u00e5ga och maximal f\u00e4rgupptagning, vilket g\u00f6r m\u00e5lningen b\u00e5de snabbare och effektivare.<\/p>\n<p>Vadderad Fasadroller Multi \u00e4r utvecklad f\u00f6r att anv\u00e4ndas p\u00e5 grova underlag som puts, betong, tegel och ohyvlat tr\u00e4.<\/p>\n<p>Dess f\u00f6rm\u00e5ga att h\u00e5lla stora m\u00e4ngder f\u00e4rg g\u00f6r den \u00e4ven l\u00e4mplig f\u00f6r interi\u00f6rm\u00e5lning av v\u00e4ggar och tak d\u00e4r en h\u00f6g t\u00e4ckf\u00f6rm\u00e5ga och j\u00e4mn applicering kr\u00e4vs.<\/p>\n<p>Den \u00e4r s\u00e4rskilt effektiv vid m\u00e5lning med latexf\u00e4rg, kalkf\u00e4rg, silikatf\u00e4rg, dispersionsf\u00e4rg, slamf\u00e4rg och alla typer av fasadf\u00e4rger.<\/p>\n<p>Dess f\u00f6rm\u00e5ga att anpassa sig till underlaget g\u00f6r att f\u00e4rgen tr\u00e4nger ner i strukturerade ytor, vilket ger ett b\u00e4ttre skydd och en mer h\u00e5llbar yta.<\/p>\n<p>F\u00f6rutom fasadm\u00e5lning kan denna roller med f\u00f6rdel anv\u00e4ndas p\u00e5 innertak och v\u00e4ggar d\u00e4r en h\u00f6g f\u00e4rgkapacitet beh\u00f6vs.<\/p>\n<p>Den l\u00e5nga luggen och den vadderade k\u00e4rnan g\u00f6r att f\u00e4rgen kan appliceras i tjocka lager utan att droppa eller skapa oj\u00e4mnheter, vilket g\u00f6r den v\u00e4ldigt effektivt vid m\u00e5lning av st\u00f6rre ytor. Den slitstarka konstruktionen g\u00f6r att rollern kan anv\u00e4ndas flera g\u00e5nger utan att kvaliteten f\u00f6rs\u00e4mras.<\/p>\n<p>Detta g\u00f6r Vadderad Fasadroller Multi till ett ekonomiskt och h\u00e5llbart val f\u00f6r b\u00e5de yrkesm\u00e5lare och hemmafixare.<\/p>","protected":false},"excerpt":{"rendered":"<p>Anv\u00e4ndningsomr\u00e5den: M\u00e5lning av fasader och grova underlag som puts, betong, tegel och ohyvlat tr\u00e4 Applicering av latexf\u00e4rg, kalkf\u00e4rg, silikatf\u00e4rg, slamf\u00e4rg och dispersionsf\u00e4rg M\u00e5lning av innertak och v\u00e4ggar d\u00e4r h\u00f6g t\u00e4ckf\u00f6rm\u00e5ga kr\u00e4vs Perfekt f\u00f6r stora ytor d\u00e4r maximal f\u00e4rgupptagning och effektiv applicering \u00f6nskas F\u00f6rdelar och egenskaper: Mjuk vadderad k\u00e4rna och den 18 mm l\u00e5nga luggen ger [&#8230;]\n","protected":false},"featured_media":2325,"template":"","meta":[],"product_brand":[],"product_cat":[38,24],"product_tag":[],"class_list":{"0":"post-2328","1":"product","2":"type-product","3":"status-publish","4":"has-post-thumbnail","6":"product_cat-nyheter","7":"product_cat-rollers","9":"first","10":"instock","11":"shipping-taxable","12":"product-type-grouped"},"yoast_head":"<!-- This site is optimized with the Yoast SEO plugin v26.6 - https:\/\/yoast.com\/wordpress\/plugins\/seo\/ -->\n<title>Vadderad Fasadroller Multi 18-25 cm - Wagner Pensel<\/title>\n<meta name=\"robots\" content=\"index, follow, max-snippet:-1, max-image-preview:large, max-video-preview:-1\" \/>\n<link rel=\"canonical\" href=\"https:\/\/wagnerpensel.se\/en\/product\/vadderad-fasadroller-multi-18-25-cm\/\" \/>\n<meta property=\"og:locale\" content=\"en_GB\" \/>\n<meta property=\"og:type\" content=\"article\" \/>\n<meta property=\"og:title\" content=\"Vadderad Fasadroller Multi 18-25 cm - Wagner Pensel\" \/>\n<meta property=\"og:description\" content=\"Anv\u00e4ndningsomr\u00e5den: M\u00e5lning av fasader och grova underlag som puts, betong, tegel och ohyvlat tr\u00e4 Applicering av latexf\u00e4rg, kalkf\u00e4rg, silikatf\u00e4rg, slamf\u00e4rg och dispersionsf\u00e4rg M\u00e5lning av innertak och v\u00e4ggar d\u00e4r h\u00f6g t\u00e4ckf\u00f6rm\u00e5ga kr\u00e4vs Perfekt f\u00f6r stora ytor d\u00e4r maximal f\u00e4rgupptagning och effektiv applicering \u00f6nskas F\u00f6rdelar och egenskaper: Mjuk vadderad k\u00e4rna och den 18 mm l\u00e5nga luggen ger [...]\" \/>\n<meta property=\"og:url\" content=\"https:\/\/wagnerpensel.se\/en\/product\/vadderad-fasadroller-multi-18-25-cm\/\" \/>\n<meta property=\"og:site_name\" content=\"Wagner Pensel\" \/>\n<meta property=\"article:publisher\" content=\"https:\/\/www.facebook.com\/wagnerpensel\" \/>\n<meta property=\"article:modified_time\" content=\"2026-04-22T09:53:02+00:00\" \/>\n<meta property=\"og:image\" content=\"https:\/\/wagnerpensel.se\/wp-content\/uploads\/2026\/04\/WKL00.jpg\" \/>\n\t<meta property=\"og:image:width\" content=\"570\" \/>\n\t<meta property=\"og:image:height\" content=\"630\" \/>\n\t<meta property=\"og:image:type\" content=\"image\/jpeg\" \/>\n<meta name=\"twitter:card\" content=\"summary_large_image\" \/>\n<meta name=\"twitter:label1\" content=\"Estimated reading time\" \/>\n\t<meta name=\"twitter:data1\" content=\"2 minutes\" \/>\n<script type=\"application\/ld+json\" class=\"yoast-schema-graph\">{\"@context\":\"https:\/\/schema.org\",\"@graph\":[{\"@type\":\"WebPage\",\"@id\":\"https:\/\/wagnerpensel.se\/produkt\/vadderad-fasadroller-multi-18-25-cm\/\",\"url\":\"https:\/\/wagnerpensel.se\/produkt\/vadderad-fasadroller-multi-18-25-cm\/\",\"name\":\"Vadderad Fasadroller Multi 18-25 cm - Wagner Pensel\",\"isPartOf\":{\"@id\":\"https:\/\/wagnerpensel.se\/#website\"},\"primaryImageOfPage\":{\"@id\":\"https:\/\/wagnerpensel.se\/produkt\/vadderad-fasadroller-multi-18-25-cm\/#primaryimage\"},\"image\":{\"@id\":\"https:\/\/wagnerpensel.se\/produkt\/vadderad-fasadroller-multi-18-25-cm\/#primaryimage\"},\"thumbnailUrl\":\"https:\/\/wagnerpensel.se\/wp-content\/uploads\/2026\/04\/WKL00.jpg\",\"datePublished\":\"2026-04-21T12:49:17+00:00\",\"dateModified\":\"2026-04-22T09:53:02+00:00\",\"breadcrumb\":{\"@id\":\"https:\/\/wagnerpensel.se\/produkt\/vadderad-fasadroller-multi-18-25-cm\/#breadcrumb\"},\"inLanguage\":\"en-GB\",\"potentialAction\":[{\"@type\":\"ReadAction\",\"target\":[\"https:\/\/wagnerpensel.se\/produkt\/vadderad-fasadroller-multi-18-25-cm\/\"]}]},{\"@type\":\"ImageObject\",\"inLanguage\":\"en-GB\",\"@id\":\"https:\/\/wagnerpensel.se\/produkt\/vadderad-fasadroller-multi-18-25-cm\/#primaryimage\",\"url\":\"https:\/\/wagnerpensel.se\/wp-content\/uploads\/2026\/04\/WKL00.jpg\",\"contentUrl\":\"https:\/\/wagnerpensel.se\/wp-content\/uploads\/2026\/04\/WKL00.jpg\",\"width\":570,\"height\":630},{\"@type\":\"BreadcrumbList\",\"@id\":\"https:\/\/wagnerpensel.se\/produkt\/vadderad-fasadroller-multi-18-25-cm\/#breadcrumb\",\"itemListElement\":[{\"@type\":\"ListItem\",\"position\":1,\"name\":\"Hem\",\"item\":\"https:\/\/wagnerpensel.se\/\"},{\"@type\":\"ListItem\",\"position\":2,\"name\":\"Produkter\",\"item\":\"https:\/\/wagnerpensel.se\/produkter\/\"},{\"@type\":\"ListItem\",\"position\":3,\"name\":\"Vadderad Fasadroller Multi 18-25 cm\"}]},{\"@type\":\"WebSite\",\"@id\":\"https:\/\/wagnerpensel.se\/#website\",\"url\":\"https:\/\/wagnerpensel.se\/\",\"name\":\"Wagner Pensel\",\"description\":\"Vi tillverkar penslar f\u00f6r m\u00e5leriarbeten och m\u00e5larindustrin.\",\"publisher\":{\"@id\":\"https:\/\/wagnerpensel.se\/#organization\"},\"potentialAction\":[{\"@type\":\"SearchAction\",\"target\":{\"@type\":\"EntryPoint\",\"urlTemplate\":\"https:\/\/wagnerpensel.se\/?s={search_term_string}\"},\"query-input\":{\"@type\":\"PropertyValueSpecification\",\"valueRequired\":true,\"valueName\":\"search_term_string\"}}],\"inLanguage\":\"en-GB\"},{\"@type\":\"Organization\",\"@id\":\"https:\/\/wagnerpensel.se\/#organization\",\"name\":\"Wagner Pensel\",\"url\":\"https:\/\/wagnerpensel.se\/\",\"logo\":{\"@type\":\"ImageObject\",\"inLanguage\":\"en-GB\",\"@id\":\"https:\/\/wagnerpensel.se\/#\/schema\/logo\/image\/\",\"url\":\"https:\/\/wagnerpensel.se\/wp-content\/uploads\/2025\/12\/wagner-logo.png\",\"contentUrl\":\"https:\/\/wagnerpensel.se\/wp-content\/uploads\/2025\/12\/wagner-logo.png\",\"width\":1354,\"height\":765,\"caption\":\"Wagner Pensel\"},\"image\":{\"@id\":\"https:\/\/wagnerpensel.se\/#\/schema\/logo\/image\/\"},\"sameAs\":[\"https:\/\/www.facebook.com\/wagnerpensel\"]}]}<\/script>\n<!-- \/ Yoast SEO plugin. -->","yoast_head_json":{"title":"Vadderad Fasadroller Multi 18-25 cm - Wagner Pensel","robots":{"index":"index","follow":"follow","max-snippet":"max-snippet:-1","max-image-preview":"max-image-preview:large","max-video-preview":"max-video-preview:-1"},"canonical":"https:\/\/wagnerpensel.se\/en\/product\/vadderad-fasadroller-multi-18-25-cm\/","og_locale":"en_GB","og_type":"article","og_title":"Vadderad Fasadroller Multi 18-25 cm - Wagner Pensel","og_description":"Anv\u00e4ndningsomr\u00e5den: M\u00e5lning av fasader och grova underlag som puts, betong, tegel och ohyvlat tr\u00e4 Applicering av latexf\u00e4rg, kalkf\u00e4rg, silikatf\u00e4rg, slamf\u00e4rg och dispersionsf\u00e4rg M\u00e5lning av innertak och v\u00e4ggar d\u00e4r h\u00f6g t\u00e4ckf\u00f6rm\u00e5ga kr\u00e4vs Perfekt f\u00f6r stora ytor d\u00e4r maximal f\u00e4rgupptagning och effektiv applicering \u00f6nskas F\u00f6rdelar och egenskaper: Mjuk vadderad k\u00e4rna och den 18 mm l\u00e5nga luggen ger [...]","og_url":"https:\/\/wagnerpensel.se\/en\/product\/vadderad-fasadroller-multi-18-25-cm\/","og_site_name":"Wagner Pensel","article_publisher":"https:\/\/www.facebook.com\/wagnerpensel","article_modified_time":"2026-04-22T09:53:02+00:00","og_image":[{"width":570,"height":630,"url":"https:\/\/wagnerpensel.se\/wp-content\/uploads\/2026\/04\/WKL00.jpg","type":"image\/jpeg"}],"twitter_card":"summary_large_image","twitter_misc":{"Estimated reading time":"2 minutes"},"schema":{"@context":"https:\/\/schema.org","@graph":[{"@type":"WebPage","@id":"https:\/\/wagnerpensel.se\/produkt\/vadderad-fasadroller-multi-18-25-cm\/","url":"https:\/\/wagnerpensel.se\/produkt\/vadderad-fasadroller-multi-18-25-cm\/","name":"Vadderad Fasadroller Multi 18-25 cm - Wagner Pensel","isPartOf":{"@id":"https:\/\/wagnerpensel.se\/#website"},"primaryImageOfPage":{"@id":"https:\/\/wagnerpensel.se\/produkt\/vadderad-fasadroller-multi-18-25-cm\/#primaryimage"},"image":{"@id":"https:\/\/wagnerpensel.se\/produkt\/vadderad-fasadroller-multi-18-25-cm\/#primaryimage"},"thumbnailUrl":"https:\/\/wagnerpensel.se\/wp-content\/uploads\/2026\/04\/WKL00.jpg","datePublished":"2026-04-21T12:49:17+00:00","dateModified":"2026-04-22T09:53:02+00:00","breadcrumb":{"@id":"https:\/\/wagnerpensel.se\/produkt\/vadderad-fasadroller-multi-18-25-cm\/#breadcrumb"},"inLanguage":"en-GB","potentialAction":[{"@type":"ReadAction","target":["https:\/\/wagnerpensel.se\/produkt\/vadderad-fasadroller-multi-18-25-cm\/"]}]},{"@type":"ImageObject","inLanguage":"en-GB","@id":"https:\/\/wagnerpensel.se\/produkt\/vadderad-fasadroller-multi-18-25-cm\/#primaryimage","url":"https:\/\/wagnerpensel.se\/wp-content\/uploads\/2026\/04\/WKL00.jpg","contentUrl":"https:\/\/wagnerpensel.se\/wp-content\/uploads\/2026\/04\/WKL00.jpg","width":570,"height":630},{"@type":"BreadcrumbList","@id":"https:\/\/wagnerpensel.se\/produkt\/vadderad-fasadroller-multi-18-25-cm\/#breadcrumb","itemListElement":[{"@type":"ListItem","position":1,"name":"Hem","item":"https:\/\/wagnerpensel.se\/"},{"@type":"ListItem","position":2,"name":"Produkter","item":"https:\/\/wagnerpensel.se\/produkter\/"},{"@type":"ListItem","position":3,"name":"Vadderad Fasadroller Multi 18-25 cm"}]},{"@type":"WebSite","@id":"https:\/\/wagnerpensel.se\/#website","url":"https:\/\/wagnerpensel.se\/","name":"Wagner Pensel","description":"Vi tillverkar penslar f\u00f6r m\u00e5leriarbeten och m\u00e5larindustrin.","publisher":{"@id":"https:\/\/wagnerpensel.se\/#organization"},"potentialAction":[{"@type":"SearchAction","target":{"@type":"EntryPoint","urlTemplate":"https:\/\/wagnerpensel.se\/?s={search_term_string}"},"query-input":{"@type":"PropertyValueSpecification","valueRequired":true,"valueName":"search_term_string"}}],"inLanguage":"en-GB"},{"@type":"Organization","@id":"https:\/\/wagnerpensel.se\/#organization","name":"Wagner Pensel","url":"https:\/\/wagnerpensel.se\/","logo":{"@type":"ImageObject","inLanguage":"en-GB","@id":"https:\/\/wagnerpensel.se\/#\/schema\/logo\/image\/","url":"https:\/\/wagnerpensel.se\/wp-content\/uploads\/2025\/12\/wagner-logo.png","contentUrl":"https:\/\/wagnerpensel.se\/wp-content\/uploads\/2025\/12\/wagner-logo.png","width":1354,"height":765,"caption":"Wagner Pensel"},"image":{"@id":"https:\/\/wagnerpensel.se\/#\/schema\/logo\/image\/"},"sameAs":["https:\/\/www.facebook.com\/wagnerpensel"]}]}},"_links":{"self":[{"href":"https:\/\/wagnerpensel.se\/en\/wp-json\/wp\/v2\/product\/2328","targetHints":{"allow":["GET"]}}],"collection":[{"href":"https:\/\/wagnerpensel.se\/en\/wp-json\/wp\/v2\/product"}],"about":[{"href":"https:\/\/wagnerpensel.se\/en\/wp-json\/wp\/v2\/types\/product"}],"wp:featuredmedia":[{"embeddable":true,"href":"https:\/\/wagnerpensel.se\/en\/wp-json\/wp\/v2\/media\/2325"}],"wp:attachment":[{"href":"https:\/\/wagnerpensel.se\/en\/wp-json\/wp\/v2\/media?parent=2328"}],"wp:term":[{"taxonomy":"product_brand","embeddable":true,"href":"https:\/\/wagnerpensel.se\/en\/wp-json\/wp\/v2\/product_brand?post=2328"},{"taxonomy":"product_cat","embeddable":true,"href":"https:\/\/wagnerpensel.se\/en\/wp-json\/wp\/v2\/product_cat?post=2328"},{"taxonomy":"product_tag","embeddable":true,"href":"https:\/\/wagnerpensel.se\/en\/wp-json\/wp\/v2\/product_tag?post=2328"}],"curies":[{"name":"wp","href":"https:\/\/api.w.org\/{rel}","templated":true}]}}